{"id":5583,"date":"2025-07-02T11:49:46","date_gmt":"2025-07-02T11:49:46","guid":{"rendered":"https:\/\/canteixidogimnas.com\/avis-legal\/"},"modified":"2025-08-04T12:06:00","modified_gmt":"2025-08-04T12:06:00","slug":"avis-legal","status":"publish","type":"page","link":"https:\/\/canteixidogimnas.com\/ca\/avis-legal\/","title":{"rendered":"Av\u00eds Legal"},"content":{"rendered":"\n<p>AV\u00cdS LEGAL<\/p>\n\n\n\n<p>En virtut de l&#8217;estipulat per l&#8217;article 10 de la Llei 34\/2002, d&#8217;11 de juliol, de serveis de la societat de la informaci\u00f3 i del comer\u00e7 electr\u00f2nic, s&#8217;informa a l&#8217;usuari que el domini el signe distintiu WMTS pertany, com a titular a:<\/p>\n\n\n\n<p>Societat<br>WILD MOVEMENT TRAINING SCHOOL, SL<br>N.I.F<br>B16743601<br>Direcci\u00f3<br>Carrer Ponent, 8, 08328 Alella, Barcelona<br>Direcci\u00f3 de correu electr\u00f2nic<br>admin@wildmovement.es<\/p>\n\n\n\n<h2 class=\"wp-block-heading\">P\u00e0gina web<\/h2>\n\n\n\n<p>CONDICIONS D&#8217;\u00daS DE LA P\u00c0GINA WEB<\/p>\n\n\n\n<p>Les condicions recollides al present document seran les que regeixin, en tot moment, l&#8217;\u00fas d&#8217;aquesta website o app. Per aix\u00f2, es recomana la lectura d&#8217;aquestes condicions ja que s&#8217;hi regiran els drets i les obligacions de l&#8217;usuari o client i WMTS. <\/p>\n\n\n\n<p>A trav\u00e9s del mer acc\u00e9s a la present p\u00e0gina web o app, se&#8217;l considerar\u00e0 com a \u201cusuari\u201d de la mateixa, i amb aix\u00f2, accepta expressament, de forma autom\u00e0tica i volunt\u00e0ria, les estipulacions recollides en aquest document. En cas que l&#8217;usuari no vulgui acceptar-les, es recomana no continuar navegant a trav\u00e9s d&#8217;aquest web o fent \u00fas de l&#8217;app. <\/p>\n\n\n\n<p>WMTS t\u00e9 la potestat per canviar, de manera exclusiva i en qualsevol moment, les presents condicions, a fi d&#8217;introduir tantes modificacions com siguin oportunes per adaptar la present redacci\u00f3 als canvis legislatius que li puguin afectar, aix\u00ed com per tantes decisions empresarials siguin oportunes, comprometent-se a publicar i informar les variacions que poguessin afectar els usuaris o clients. lloc web. <\/p>\n\n\n\n<p>WMTS es reserva el dret a modificar el present lloc web de manera unilateral, sense av\u00eds previ i en qualsevol moment, el disseny i\/o la seva estructura, aix\u00ed com realitzar les tasques de reparaci\u00f3, actualitzaci\u00f3 o incorporar tantes millores com siguin necess\u00e0ries. S&#8217;avisa a l&#8217;usuari que l&#8217;acc\u00e9s a aquesta p\u00e0gina web o app es podr\u00e0 veure afectat mentre es fan les tasques descrites en aquest par\u00e0graf. <\/p>\n\n\n\n<p>En cas que les modificacions o actualitzacions descrites al par\u00e0graf anterior afegeixin nous continguts, funcionalitats o serveis, aquests quedaran subjectes, igualment a les condicions descrites en aquest text. Si fruit d&#8217;aquestes novetats s&#8217;incloguessin unes Condicions Particulars o Especials, prevaldran sobre les Generals, per la qual cosa, en cas de discordan\u00e7a entre les Condicions Generals i les Particulars, prevaldran aquestes darreres. <\/p>\n\n\n\n<p>Quines obligacions i responsabilitats tenen els usuaris?<\/p>\n\n\n\n<p>Mentre l&#8217;usuari navegui a trav\u00e9s de la present p\u00e0gina web, es compromet a respectar, en tot moment, la legislaci\u00f3 vigent, aix\u00ed com a actuar de bona fe, respectant els usos comunament acceptats i l&#8217;ordre p\u00fablic, i queda prohibida la seva utilitzaci\u00f3 amb fins il\u00b7l\u00edcits, enganyosos, malintencionats o lesius per a WMTS o tercers.<\/p>\n\n\n\n<p>De la mateixa manera, l&#8217;usuari es compromet a no realitzar conductes perjudicials a la imatge, interessos i\/o drets de WMTS i\/o tercers o danyi, inutilitzi o sobrecarregui la website. Aix\u00ed mateix, caldr\u00e0 abstenir-se d&#8217;accedir, utilitzar i\/o manipular les dades de WMTS. <\/p>\n\n\n\n<p>Com que WMTS no pot controlar si els usuaris faciliten informaci\u00f3 vera\u00e7, aquests seran els \u00fanics responsables dels danys i perjudicis que poguessin causar en cas que aquesta informaci\u00f3 sigui inexacta o falsa, tant davant WMTS com davant tercers.<\/p>\n\n\n\n<p>WMTS adopta les mesures de seguretat raonablement adequades per detectar lexist\u00e8ncia de virus. No obstant aix\u00f2, cal tenir en compte que les mesures de seguretat dels sistemes inform\u00e0tics no s\u00f3n completament fiables, per la qual cosa WMTS no pot garantir la inexist\u00e8ncia de virus o altres elements que poguessin incidir en els sistemes inform\u00e0tics, documents i\/o fitxers de l&#8217;usuari. Preguem als usuaris que s&#8217;abstinguin d&#8217;introduir o difondre a la xarxa virus inform\u00e0tics o sistemes f\u00edsics o l\u00f2gics que puguin provocar danys a WMTS o tercers.<br>WMTS posa en coneixement de l&#8217;usuari que es reserva el dret a emprendre les accions legals necess\u00e0ries en defensa dels seus interessos o, fins i tot, a suspendre de manera temporal, i sense av\u00eds previ, l&#8217;accessibilitat a aquesta p\u00e0gina web.  <\/p>\n\n\n\n<p>Propietat Intel\u00b7lectual i Industrial.<\/p>\n\n\n\n<p>Els continguts publicats a la present p\u00e0gina web, inclosos les fotografies, v\u00eddeos, dissenys, textos, gr\u00e0fics, logos, icones, programari, noms comercials, marques o qualsevol altre signe o signe distintiu que pugui ser susceptible de comercialitzaci\u00f3 o estigui protegit per la legislaci\u00f3 en mat\u00e8ria de propietat intel\u00b7lectual i\/o industrial mostrats a la p\u00e0gina web s\u00f3n propietat de WMTS o a la p\u00e0gina web oa qualsevol xarxa social on WMTS estigui present, excepte en aquells casos en qu\u00e8 hi hagi una indicaci\u00f3 expressa en contra, i estan protegits, entre altres, per les normes nacionals i internacionals de propietat intel\u00b7lectual i industrial.<\/p>\n\n\n\n<p>Queda prohibida la reproducci\u00f3 de la present p\u00e0gina web, aix\u00ed com els seus continguts o un altre element protegit per la legislaci\u00f3 en mat\u00e8ria de propietat intel\u00b7lectual i\/o industrial, excepte autoritzaci\u00f3 expressa i per escrit de WMTS. WMTS atendr\u00e0 aquestes peticions a l&#8217;adre\u00e7a de correu electr\u00f2nic info@wmts.cat. <\/p>\n\n\n\n<p>Quina \u00e9s la pol\u00edtica en mat\u00e8ria denlla\u00e7os?<\/p>\n\n\n\n<p>L&#8217;usuari podr\u00e0 crear enlla\u00e7os a la p\u00e0gina web o app per a \u00fas privat. En qualsevol cas, aquells tercers que tinguin intenci\u00f3 d&#8217;incloure en un lloc web un enlla\u00e7 que dirigeixi a aquesta p\u00e0gina web, hauran de complir amb la legislaci\u00f3 vigent, no podent albergar continguts, propis o de tercers que siguin il\u00b7l\u00edcits, nocius, violents, racistes, denigrants, vagin contra l&#8217;ordre p\u00fablic, moral o la llei, resultin inadequats o no pertinents. <\/p>\n\n\n\n<p>WMTS no pot controlar la informaci\u00f3, continguts, productes o serveis facilitats per altres llocs web que tinguin establerts enlla\u00e7os amb destinaci\u00f3 a la website o app. Per aquest motiu, no es fa responsable de qualsevol aspecte relatiu a aquests llocs web. <\/p>\n\n\n\n<p>WMTS ostenta tots els drets sobre els signes distintius propis.<br>WMTS prohibeix, expressament, la seva reproducci\u00f3, imitaci\u00f3, utilitzaci\u00f3 o inserci\u00f3 d&#8217;aquests signes sense la deguda autoritzaci\u00f3 per escrit del titular.<\/p>\n\n\n\n<p>Quina responsabilitat t\u00e9 WMTS?<\/p>\n\n\n\n<p>WMTS no es fa responsable de les defici\u00e8ncies del servei del seu prove\u00efdor de serveis, ni de les xarxes de comunicaci\u00f3, ni dels problemes resultants del mal funcionament o \u00fas de versions no optimitzades de qualsevol tipus de navegador, aix\u00ed com de les derivades d&#8217;interrupcions prolongades del subministrament el\u00e8ctric, l\u00ednies de telecomunicacions, conflictes socials, vagues, explosions, inundacions, actes cas fortu\u00eft.<\/p>\n\n\n\n<p>Tant l&#8217;acc\u00e9s a la website com l&#8217;\u00fas que es pugui fer de la informaci\u00f3 que cont\u00e9 \u00e9s d&#8217;exclusiva responsabilitat de qui el realitza. Per tant, WMTS no es responsabilitza de les conseq\u00fc\u00e8ncies que pogu\u00e9s ocasionar aquest \u00fas o acc\u00e9s a la informaci\u00f3 i \u00fanicament procedir\u00e0 a l&#8217;eliminaci\u00f3, com m\u00e9s aviat millor, dels continguts que poguessin generar algun tipus de dany o perjudici, sempre que aix\u00ed es notifiqui o tingui coneixement efectiu. <\/p>\n\n\n\n<p>WMTS no respondr\u00e0 dels possibles errors de seguretat que es puguin produir ni dels possibles danys que s&#8217;ocasionessin al sistema inform\u00e0tic de l&#8217;usuari, fitxers o documents emmagatzemats en aquest, quan tinguin origen en un virus provinent de l&#8217;ordinador de l&#8217;usuari, mal funcionament del navegador o de l&#8217;\u00fas de versions no actualitzades del mateix, d&#8217;avaries telef\u00f2niques, interfer\u00e8ncies, o alienes a WMTS.<\/p>\n\n\n\n<p>L&#8217;usuari pot deixar el vostre comentari a les nostres entrades?<\/p>\n\n\n\n<p>WMTS mitjan\u00e7ant aquesta p\u00e0gina web o app informa sobre novetats, serveis oferts, dades d&#8217;inter\u00e8s o qualsevol altra informaci\u00f3 general relacionada a trav\u00e9s de diferents entrades. Aviseu a l&#8217;usuari que actualment no est\u00e0 habilitada l&#8217;opci\u00f3 per a l&#8217;usuari d&#8217;enviament de comentaris.<\/p>\n\n\n\n<p>Pol\u00edtica de quotes\/Pagaments<\/p>\n\n\n\n<ul class=\"wp-block-list\">\n<li>La quota del primer mes es cobrar\u00e0 mitjan\u00e7ant un c\u00e0rrec al n\u00famero de targeta de cr\u00e8dit o d\u00e8bit facilitada durant la sol\u00b7licitud dinscripci\u00f3.<\/li>\n\n\n\n<li>La quota del primer mes no ser\u00e0 reemborsable sota cap circumst\u00e0ncia, excepte en aquells casos en qu\u00e8 sigui procedent la devoluci\u00f3, tal com es detalla m\u00e9s endavant.<\/li>\n\n\n\n<li>El segon i els rebuts seg\u00fcents es cobraran mitjan\u00e7ant domiciliaci\u00f3 en targeta o compte bancari, bizum o paypal (segons l&#8217;elecci\u00f3 del client a l&#8217;app) dins dels primers quinze (15) dies de cada mes, o mitjan\u00e7ant un pagament recurrent sobre la teva targeta de cr\u00e8dit\/d\u00e8bit.<\/li>\n\n\n\n<li>Les quotes abonades no s\u00f3n reemborsables ni compensables en els per\u00edodes no utilitzats. \u2022 Si t&#8217;inscrius sota alguna promoci\u00f3 de quota (inclosa oferta de preobertura i\/o qualsevol altra oferta que suposi una rebaixa de la quota vigent), acceptes i consenteixes expressament que, una vegada finalitzat el per\u00edode promocional o bonificat per mesos complets, WMTS comenci a aplicar la quota mensual en vigor al gimn\u00e0s de la teva elecci\u00f3 de la teva elecci\u00f3 en aquest moment, excepte client. \u2022 Si t&#8217;aculls a una promoci\u00f3 en inscriure&#8217;t per pert\u00e0nyer a un col\u00b7lectiu espec\u00edfic, haur\u00e0s d&#8217;acreditar f\u00edsicament al club la pertinen\u00e7a a aquest col\u00b7lectiu per beneficiar-te dels seus avantatges promocionals. En cas contrari, haureu d&#8217;abonar la difer\u00e8ncia amb les tarifes en vigor per finalitzar la vostra inscripci\u00f3.<\/li>\n\n\n\n<li>El preu de contractaci\u00f3 de la quota ser\u00e0 el que aparegui a l&#8217;app.<\/li>\n\n\n\n<li>El canvi de modalitat de quota s&#8217;ha de fer des de l&#8217;\u00c0rea d&#8217;usuari en quotes i promocions de l&#8217;app. La nova quota s&#8217;aplica al mes ven\u00e7ut, ja que el mes vigent ja s&#8217;haur\u00e0 cobrat la quota pactada amb anterioritat.<\/li>\n\n\n\n<li>L&#8217;impagament de qualsevol quota suposa la p\u00e8rdua de tots els drets adquirits a la inscripci\u00f3. \u2022 Et compromets a comunicar-nos immediatament qualsevol canvi que es produeixi a la informaci\u00f3 banc\u00e0ria proporcionada.<\/li>\n\n\n\n<li>Tots els serveis i productes addicionals seran abonats amb targeta de d\u00e8bit o cr\u00e8dit, en el moment de la compra. En cap cas no podran ser domiciliats amb la quota mensual. En cas d&#8217;impagament WMTS es veu dret de posar-se en contacte per qualsevol mitj\u00e0 durant els 20 primers dies d&#8217;impagament per reclamar l&#8217;import pendent i resoldre la situaci\u00f3.<\/li>\n\n\n\n<li>Si vols canviar la teva modalitat de quota, un cop ven\u00e7ut el per\u00edode anterior, haur\u00e0s d&#8217;abonar la quota vigent del gimn\u00e0s en el moment que decideixis canviar de modalitat.<\/li>\n\n\n\n<li>A efectes aclaridors, amb el canvi de modalitat de quota es perden totes les promocions associades a la quota anterior i no es mantenen els preus de la quota contractada amb anterioritat.<\/li>\n\n\n\n<li>En signar aquest contracte i l&#8217;ordre de mandat associada, autoritzes i consents de forma expressa que carreguem o deuem a la teva targeta de cr\u00e8dit i al teu compte corrent els pagaments abans indicats.<\/li>\n\n\n\n<li>No hi ha cap tipus de contracte de perman\u00e8ncia.<\/li>\n\n\n\n<li>Podr\u00e0s donar-te de baixa en qualsevol moment mitjan\u00e7ant l&#8217;\u00e0rea d&#8217;usuaris de la nostra app. Perqu\u00e8 la baixa sigui efectiva en finalitzar el mes en curs haur\u00e0s de gestionar-ho abans del darrer dia de cada mes. \u2022 En tramitar la baixa per l&#8217;\u00e0rea de clients, aquesta no quedar\u00e0 confirmada per part nostra fins que rebis un email de WMTS de confirmaci\u00f3 de baixa.<\/li>\n\n\n\n<li>Quan el banc torna un rebut i no es paga una quota, es bloqueja autom\u00e0ticament l&#8217;entrada del client fins que fa front a aquest impagament. A m\u00e9s, el soci haur\u00e0 de pagar tres euros (3,00 \u20ac) en concepte de despeses banc\u00e0ries en la gesti\u00f3 de la primera remesa i un euro m\u00e9s (1,00 \u20ac) per la segona i successives remeses.<\/li>\n\n\n\n<li>Si no feu front a una situaci\u00f3 d&#8217;impagament abans de l&#8217;\u00faltim dia del mes en curs, el programa de gesti\u00f3 de clients us donar\u00e0 de baixa del sistema de manera autom\u00e0tica i perdreu qualsevol dret de soci.<\/li>\n\n\n\n<li>Tant si has causat baixa volunt\u00e0ria com si ho has fet per impagament, sempre et podr\u00e0s tornar a donar d&#8217;alta a WMTS. Haur\u00e0s d&#8217;accedir al teu apartat personal de la Web\/app, fer els pagaments que tinguis pendents i abonar la penalitzaci\u00f3 per despeses banc\u00e0ries de devoluci\u00f3 de rebuts si fos el cas i la part proporcional de la quota del mes en qu\u00e8 t&#8217;incorpores al club.<\/li>\n\n\n\n<li>WMTS es reserva el dret a modificar les tarifes en vigor del gimn\u00e0s en qualsevol moment ia aplicar la pujada de l&#8217;IPC anual i aplicar ofertes i promocions de venda, tot aix\u00f2 pr\u00e8via comunicaci\u00f3 al soci.<\/li>\n\n\n\n<li>Tots els preus inclouen IVA.<\/li>\n\n\n\n<li>Amb la condici\u00f3 de soci tindr\u00e0s dret a l&#8217;\u00fas general de les instal\u00b7lacions, la sala de fitness i les classes col\u00b7lectives impartides, segons el quadrant de classes exposat al p\u00fablic al teu gimn\u00e0s, els quals seran establerts pel centre per a \u00fas lliure i sempre que hi hagi aforament suficient a la classe que vulguis impartir.<\/li>\n\n\n\n<li>Si s&#8217;assoleix el nombre m\u00e0xim autoritzat de socis (aforament de les instal\u00b7lacions, per raons de seguretat, etc.), WMTS es reserva el dret de posar el soci-aspirant en una llista d&#8217;espera en estricte ordre de preinscripci\u00f3, amb l&#8217;obligaci\u00f3 de comunicar l&#8217;exist\u00e8ncia d&#8217;una pla\u00e7a lliure quan WMTS tingui coneixement de la vacant.<\/li>\n<\/ul>\n\n\n\n<p>MODALITATS DE CONTRACTE, MENSUALITAT, MATR\u00cdCULA I CONDICIONS DE PAGAMENT.<\/p>\n\n\n\n<ul class=\"wp-block-list\">\n<li>Les quotes generals o l&#8217;import que heu d&#8217;abonar dependr\u00e0 de la modalitat escollida al lloc web oa l&#8217;app.<\/li>\n\n\n\n<li>WMTS podr\u00e0 aplicar ofertes sobre les quotes i preus ordinaris.<\/li>\n\n\n\n<li>L&#8217;empresa es reserva el dret a modificar els termes d&#8217;aquest contracte i les tarifes en vigor a cada gimn\u00e0s en qualsevol moment, a aplicar la pujada de l&#8217;IPC anual ia aplicar ofertes i promocions de venda. Aquests preus inclouen IVA.<\/li>\n<\/ul>\n\n\n\n<p>GARANTIA DE DEVOLUCI\u00d3 DE PAGAMENTS I DRET DE DESESTIMENT.<br>Si el soci s&#8217;inscriu al gimn\u00e0s a trav\u00e9s del lloc web o app i despr\u00e9s decideix cancel\u00b7lar la inscripci\u00f3, tindr\u00e0 dret durant els primers catorze (14) dies naturals des de la inscripci\u00f3 a la cancel\u00b7laci\u00f3 de la mateixa i sol\u00b7licitud de devoluci\u00f3 de quantitats efectivament abonades. No obstant aix\u00f2, si dins del per\u00edode de desistiment, el soci fa \u00fas de les instal\u00b7lacions mitjan\u00e7ant acc\u00e9s a aquest i per tant s&#8217;ent\u00e9n sol\u00b7licitat i prestat el servei durant el per\u00edode de desistiment, el soci queda obligat a l&#8217;abonament de l&#8217;import proporcional a la part prestada del servei en el moment en qu\u00e8 hagi comunicat el desistiment.<\/p>\n\n\n\n<p>Interpretaci\u00f3 del contracte<\/p>\n\n\n\n<p>Cadascuna de les condicions recollides en el present document s&#8217;interpretaran de manera separada i independent, per la qual cosa, si una de les cl\u00e0usules fos declarada, totalment o parcialment, nul\u00b7la o inefica\u00e7, aquesta nul\u00b7litat o inefic\u00e0cia afectar\u00e0 nom\u00e9s a aquesta disposici\u00f3 o la part de la mateixa que resulti nul\u00b7la o inefica\u00e7, i la resta restar\u00e0.<\/p>\n\n\n\n<p>Resoluci\u00f3 de conflictes. Llei aplicable i jurisdicci\u00f3<\/p>\n\n\n\n<p>Les presents Condicions Generals d&#8217;\u00das es regiran per la legislaci\u00f3 espanyola i, en especial, a la legislaci\u00f3 en mat\u00e8ria de protecci\u00f3 de dades de car\u00e0cter personal (Llei Org\u00e0nica 3\/2018, de 5 de desembre, de Protecci\u00f3 de Dades Personals i garantia dels drets digitals, a m\u00e9s del Reglament General de Protecci\u00f3 de Dades 2016\/679 de la societat i de la Uni\u00f3 Europea) i 34\/2002, de 11 de juliol, de serveis de la societat de la informaci\u00f3 i de comer\u00e7 electr\u00f2nic). Qualsevol controv\u00e8rsia ser\u00e0 resolta davant dels Tribunals de Matar\u00f3.<\/p>\n","protected":false},"excerpt":{"rendered":"<p>AV\u00cdS LEGAL En virtut de l&#8217;estipulat per l&#8217;article 10 de la Llei 34\/2002, d&#8217;11 de juliol, de serveis de la societat de la informaci\u00f3 i del comer\u00e7 electr\u00f2nic, s&#8217;informa a l&#8217;usuari que el domini el signe distintiu WMTS pertany, com a titular a: SocietatWILD MOVEMENT TRAINING SCHOOL, SLN.I.FB16743601Direcci\u00f3Carrer Ponent, 8, 08328 Alella, BarcelonaDirecci\u00f3 de correu&#8230;<\/p>\n","protected":false},"author":1,"featured_media":0,"parent":0,"menu_order":0,"comment_status":"closed","ping_status":"closed","template":"","meta":{"footnotes":""},"class_list":["post-5583","page","type-page","status-publish","hentry"],"yoast_head":"<!-- This site is optimized with the Yoast SEO plugin v27.0 - https:\/\/yoast.com\/product\/yoast-seo-wordpress\/ -->\n<title>Av\u00eds Legal - WMT Gym<\/title>\n<meta name=\"robots\" content=\"index, follow, max-snippet:-1, max-image-preview:large, max-video-preview:-1\" \/>\n<link rel=\"canonical\" href=\"https:\/\/canteixidogimnas.com\/ca\/avis-legal\/\" \/>\n<meta property=\"og:locale\" content=\"ca_ES\" \/>\n<meta property=\"og:type\" content=\"article\" \/>\n<meta property=\"og:title\" content=\"Av\u00eds Legal - WMT Gym\" \/>\n<meta property=\"og:description\" content=\"AV\u00cdS LEGAL En virtut de l&#8217;estipulat per l&#8217;article 10 de la Llei 34\/2002, d&#8217;11 de juliol, de serveis de la societat de la informaci\u00f3 i del comer\u00e7 electr\u00f2nic, s&#8217;informa a l&#8217;usuari que el domini el signe distintiu WMTS pertany, com a titular a: SocietatWILD MOVEMENT TRAINING SCHOOL, SLN.I.FB16743601Direcci\u00f3Carrer Ponent, 8, 08328 Alella, BarcelonaDirecci\u00f3 de correu&#8230;\" \/>\n<meta property=\"og:url\" content=\"https:\/\/canteixidogimnas.com\/ca\/avis-legal\/\" \/>\n<meta property=\"og:site_name\" content=\"WMT Gym\" \/>\n<meta property=\"article:modified_time\" content=\"2025-08-04T12:06:00+00:00\" \/>\n<meta property=\"og:image\" content=\"https:\/\/canteixidogimnas.com\/wp-content\/uploads\/2025\/06\/gimnas-ok.jpg\" \/>\n\t<meta property=\"og:image:width\" content=\"1500\" \/>\n\t<meta property=\"og:image:height\" content=\"1000\" \/>\n\t<meta property=\"og:image:type\" content=\"image\/jpeg\" \/>\n<meta name=\"twitter:card\" content=\"summary_large_image\" \/>\n<meta name=\"twitter:label1\" content=\"Temps estimat de lectura\" \/>\n\t<meta name=\"twitter:data1\" content=\"11 minuts\" \/>\n<script type=\"application\/ld+json\" class=\"yoast-schema-graph\">{\"@context\":\"https:\/\/schema.org\",\"@graph\":[{\"@type\":\"WebPage\",\"@id\":\"https:\/\/canteixidogimnas.com\/ca\/avis-legal\/\",\"url\":\"https:\/\/canteixidogimnas.com\/ca\/avis-legal\/\",\"name\":\"Av\u00eds Legal - WMT Gym\",\"isPartOf\":{\"@id\":\"https:\/\/canteixidogimnas.com\/ca\/#website\"},\"datePublished\":\"2025-07-02T11:49:46+00:00\",\"dateModified\":\"2025-08-04T12:06:00+00:00\",\"breadcrumb\":{\"@id\":\"https:\/\/canteixidogimnas.com\/ca\/avis-legal\/#breadcrumb\"},\"inLanguage\":\"ca\",\"potentialAction\":[{\"@type\":\"ReadAction\",\"target\":[\"https:\/\/canteixidogimnas.com\/ca\/avis-legal\/\"]}]},{\"@type\":\"BreadcrumbList\",\"@id\":\"https:\/\/canteixidogimnas.com\/ca\/avis-legal\/#breadcrumb\",\"itemListElement\":[{\"@type\":\"ListItem\",\"position\":1,\"name\":\"Portada\",\"item\":\"https:\/\/canteixidogimnas.com\/ca\/\"},{\"@type\":\"ListItem\",\"position\":2,\"name\":\"Av\u00eds Legal\"}]},{\"@type\":\"WebSite\",\"@id\":\"https:\/\/canteixidogimnas.com\/ca\/#website\",\"url\":\"https:\/\/canteixidogimnas.com\/ca\/\",\"name\":\"WMT Gym\",\"description\":\"El gimnasio de WMT\",\"publisher\":{\"@id\":\"https:\/\/canteixidogimnas.com\/ca\/#organization\"},\"alternateName\":\"Gimn\u00e0s Can Teixid\u00f3\",\"potentialAction\":[{\"@type\":\"SearchAction\",\"target\":{\"@type\":\"EntryPoint\",\"urlTemplate\":\"https:\/\/canteixidogimnas.com\/ca\/?s={search_term_string}\"},\"query-input\":{\"@type\":\"PropertyValueSpecification\",\"valueRequired\":true,\"valueName\":\"search_term_string\"}}],\"inLanguage\":\"ca\"},{\"@type\":\"Organization\",\"@id\":\"https:\/\/canteixidogimnas.com\/ca\/#organization\",\"name\":\"WMT Gym\",\"url\":\"https:\/\/canteixidogimnas.com\/ca\/\",\"logo\":{\"@type\":\"ImageObject\",\"inLanguage\":\"ca\",\"@id\":\"https:\/\/canteixidogimnas.com\/ca\/#\/schema\/logo\/image\/\",\"url\":\"https:\/\/canteixidogimnas.com\/wp-content\/uploads\/2025\/06\/cropped-logo-wmt-gym.png\",\"contentUrl\":\"https:\/\/canteixidogimnas.com\/wp-content\/uploads\/2025\/06\/cropped-logo-wmt-gym.png\",\"width\":300,\"height\":80,\"caption\":\"WMT Gym\"},\"image\":{\"@id\":\"https:\/\/canteixidogimnas.com\/ca\/#\/schema\/logo\/image\/\"},\"sameAs\":[\"https:\/\/www.linkedin.com\/company\/wild-movement-training\"]}]}<\/script>\n<!-- \/ Yoast SEO plugin. -->","yoast_head_json":{"title":"Av\u00eds Legal - WMT Gym","robots":{"index":"index","follow":"follow","max-snippet":"max-snippet:-1","max-image-preview":"max-image-preview:large","max-video-preview":"max-video-preview:-1"},"canonical":"https:\/\/canteixidogimnas.com\/ca\/avis-legal\/","og_locale":"ca_ES","og_type":"article","og_title":"Av\u00eds Legal - WMT Gym","og_description":"AV\u00cdS LEGAL En virtut de l&#8217;estipulat per l&#8217;article 10 de la Llei 34\/2002, d&#8217;11 de juliol, de serveis de la societat de la informaci\u00f3 i del comer\u00e7 electr\u00f2nic, s&#8217;informa a l&#8217;usuari que el domini el signe distintiu WMTS pertany, com a titular a: SocietatWILD MOVEMENT TRAINING SCHOOL, SLN.I.FB16743601Direcci\u00f3Carrer Ponent, 8, 08328 Alella, BarcelonaDirecci\u00f3 de correu&#8230;","og_url":"https:\/\/canteixidogimnas.com\/ca\/avis-legal\/","og_site_name":"WMT Gym","article_modified_time":"2025-08-04T12:06:00+00:00","og_image":[{"width":1500,"height":1000,"url":"https:\/\/canteixidogimnas.com\/wp-content\/uploads\/2025\/06\/gimnas-ok.jpg","type":"image\/jpeg"}],"twitter_card":"summary_large_image","twitter_misc":{"Temps estimat de lectura":"11 minuts"},"schema":{"@context":"https:\/\/schema.org","@graph":[{"@type":"WebPage","@id":"https:\/\/canteixidogimnas.com\/ca\/avis-legal\/","url":"https:\/\/canteixidogimnas.com\/ca\/avis-legal\/","name":"Av\u00eds Legal - WMT Gym","isPartOf":{"@id":"https:\/\/canteixidogimnas.com\/ca\/#website"},"datePublished":"2025-07-02T11:49:46+00:00","dateModified":"2025-08-04T12:06:00+00:00","breadcrumb":{"@id":"https:\/\/canteixidogimnas.com\/ca\/avis-legal\/#breadcrumb"},"inLanguage":"ca","potentialAction":[{"@type":"ReadAction","target":["https:\/\/canteixidogimnas.com\/ca\/avis-legal\/"]}]},{"@type":"BreadcrumbList","@id":"https:\/\/canteixidogimnas.com\/ca\/avis-legal\/#breadcrumb","itemListElement":[{"@type":"ListItem","position":1,"name":"Portada","item":"https:\/\/canteixidogimnas.com\/ca\/"},{"@type":"ListItem","position":2,"name":"Av\u00eds Legal"}]},{"@type":"WebSite","@id":"https:\/\/canteixidogimnas.com\/ca\/#website","url":"https:\/\/canteixidogimnas.com\/ca\/","name":"WMT Gym","description":"El gimnasio de WMT","publisher":{"@id":"https:\/\/canteixidogimnas.com\/ca\/#organization"},"alternateName":"Gimn\u00e0s Can Teixid\u00f3","potentialAction":[{"@type":"SearchAction","target":{"@type":"EntryPoint","urlTemplate":"https:\/\/canteixidogimnas.com\/ca\/?s={search_term_string}"},"query-input":{"@type":"PropertyValueSpecification","valueRequired":true,"valueName":"search_term_string"}}],"inLanguage":"ca"},{"@type":"Organization","@id":"https:\/\/canteixidogimnas.com\/ca\/#organization","name":"WMT Gym","url":"https:\/\/canteixidogimnas.com\/ca\/","logo":{"@type":"ImageObject","inLanguage":"ca","@id":"https:\/\/canteixidogimnas.com\/ca\/#\/schema\/logo\/image\/","url":"https:\/\/canteixidogimnas.com\/wp-content\/uploads\/2025\/06\/cropped-logo-wmt-gym.png","contentUrl":"https:\/\/canteixidogimnas.com\/wp-content\/uploads\/2025\/06\/cropped-logo-wmt-gym.png","width":300,"height":80,"caption":"WMT Gym"},"image":{"@id":"https:\/\/canteixidogimnas.com\/ca\/#\/schema\/logo\/image\/"},"sameAs":["https:\/\/www.linkedin.com\/company\/wild-movement-training"]}]}},"_links":{"self":[{"href":"https:\/\/canteixidogimnas.com\/ca\/wp-json\/wp\/v2\/pages\/5583","targetHints":{"allow":["GET"]}}],"collection":[{"href":"https:\/\/canteixidogimnas.com\/ca\/wp-json\/wp\/v2\/pages"}],"about":[{"href":"https:\/\/canteixidogimnas.com\/ca\/wp-json\/wp\/v2\/types\/page"}],"author":[{"embeddable":true,"href":"https:\/\/canteixidogimnas.com\/ca\/wp-json\/wp\/v2\/users\/1"}],"replies":[{"embeddable":true,"href":"https:\/\/canteixidogimnas.com\/ca\/wp-json\/wp\/v2\/comments?post=5583"}],"version-history":[{"count":2,"href":"https:\/\/canteixidogimnas.com\/ca\/wp-json\/wp\/v2\/pages\/5583\/revisions"}],"predecessor-version":[{"id":5589,"href":"https:\/\/canteixidogimnas.com\/ca\/wp-json\/wp\/v2\/pages\/5583\/revisions\/5589"}],"wp:attachment":[{"href":"https:\/\/canteixidogimnas.com\/ca\/wp-json\/wp\/v2\/media?parent=5583"}],"curies":[{"name":"wp","href":"https:\/\/api.w.org\/{rel}","templated":true}]}}