{"id":5754,"date":"2025-08-08T12:56:36","date_gmt":"2025-08-08T12:56:36","guid":{"rendered":"https:\/\/canteixidogimnas.com\/?page_id=5754"},"modified":"2025-08-08T14:30:45","modified_gmt":"2025-08-08T14:30:45","slug":"activitats-2","status":"publish","type":"page","link":"https:\/\/canteixidogimnas.com\/ca\/activitats-2\/","title":{"rendered":"Entrenadors"},"content":{"rendered":"\t\t<div data-elementor-type=\"wp-page\" data-elementor-id=\"5754\" class=\"elementor elementor-5754 elementor-5753\">\n\t\t\t\t<div class=\"elementor-element elementor-element-e7eeb3e e-con-full e-flex e-con e-parent\" data-id=\"e7eeb3e\" data-element_type=\"container\" data-e-type=\"container\" data-settings=\"{&quot;background_background&quot;:&quot;classic&quot;}\">\n\t\t<div class=\"elementor-element elementor-element-1d4ba9c e-con-full e-flex e-con e-child\" data-id=\"1d4ba9c\" data-element_type=\"container\" data-e-type=\"container\">\n\t\t\t\t<div class=\"elementor-element elementor-element-2357621 elementor-invisible elementor-widget elementor-widget-custom-title-addons\" data-id=\"2357621\" data-element_type=\"widget\" data-e-type=\"widget\" data-settings=\"{&quot;_animation&quot;:&quot;fitner--slide-up&quot;}\" data-widget_type=\"custom-title-addons.default\">\n\t\t\t\t<div class=\"elementor-widget-container\">\n\t\t\t\t\t<div class=\"tpc-double_heading\"><h3 class=\"dbl__title-wrapper\"><span class=\"dbl__title dbl-title_1\">Entrenadors Personals<\/span><\/h3><\/div>\t\t\t\t<\/div>\n\t\t\t\t<\/div>\n\t\t\t\t<div class=\"elementor-element elementor-element-1dce284 elementor-invisible elementor-widget elementor-widget-text-editor\" data-id=\"1dce284\" data-element_type=\"widget\" data-e-type=\"widget\" data-settings=\"{&quot;_animation&quot;:&quot;fitner--slide-up&quot;}\" data-widget_type=\"text-editor.default\">\n\t\t\t\t<div class=\"elementor-widget-container\">\n\t\t\t\t\t\t\t\t\t<p>Al gimn\u00e0s del Can Teixid\u00f3 Padel Club, posem a la teva disposici\u00f3 entrenadors personals perqu\u00e8 t\u2019ajudin a practicar el M\u00e8tode WMT. <\/p><p>Vine a provar el m\u00e8tode, la primera classe \u00e9s gratu\u00efta!<\/p>\t\t\t\t\t\t\t\t<\/div>\n\t\t\t\t<\/div>\n\t\t\t\t<\/div>\n\t\t<div class=\"elementor-element elementor-element-8833a52 e-flex e-con-boxed e-con e-child\" data-id=\"8833a52\" data-element_type=\"container\" data-e-type=\"container\">\n\t\t\t\t\t<div class=\"e-con-inner\">\n\t\t\t\t<div class=\"elementor-element elementor-element-1329e11 elementor-widget elementor-widget-fitner-trainer-addons\" data-id=\"1329e11\" data-element_type=\"widget\" data-e-type=\"widget\" data-widget_type=\"fitner-trainer-addons.default\">\n\t\t\t\t<div class=\"elementor-widget-container\">\n\t\t\t\t\t<div class=\"fitner-trainer-item fitner-trainer-style-1\"><div class=\"trainer-img-wrap\"><a href=\"#paredes\" ><div class=\"trainer-img\"><img fetchpriority=\"high\" decoding=\"async\" width=\"640\" height=\"960\" src=\"https:\/\/canteixidogimnas.com\/wp-content\/uploads\/2025\/08\/marc-paredes-wmt-683x1024.jpg\" class=\"attachment-large size-large wp-image-5803\" alt=\"\" srcset=\"https:\/\/canteixidogimnas.com\/wp-content\/uploads\/2025\/08\/marc-paredes-wmt-683x1024.jpg 683w, https:\/\/canteixidogimnas.com\/wp-content\/uploads\/2025\/08\/marc-paredes-wmt-200x300.jpg 200w, https:\/\/canteixidogimnas.com\/wp-content\/uploads\/2025\/08\/marc-paredes-wmt-768x1152.jpg 768w, https:\/\/canteixidogimnas.com\/wp-content\/uploads\/2025\/08\/marc-paredes-wmt-1024x1536.jpg 1024w, https:\/\/canteixidogimnas.com\/wp-content\/uploads\/2025\/08\/marc-paredes-wmt-1365x2048.jpg 1365w, https:\/\/canteixidogimnas.com\/wp-content\/uploads\/2025\/08\/marc-paredes-wmt-scaled.jpg 1707w\" sizes=\"(max-width: 640px) 100vw, 640px\" \/><\/div><\/a><div class=\"trainer-social-content\"><p class=\"trainer-description\">Entrenament esportiu d'alt rendiment, p\u00e8rdua de pes, mobilitat i reestructuraci\u00f3 biomec\u00e0nica.<\/p><\/div><\/div><div class=\"trainer-content\"><h5 class=\"trainer-name\"><a href=\"#paredes\" >Marc Paredes<\/a><\/h5><span class=\"trainer-degree\">Entrenador personal i Fitness & Body<\/span><\/div><\/div>\t\t\t\t<\/div>\n\t\t\t\t<\/div>\n\t\t\t\t<div class=\"elementor-element elementor-element-2cb7aac elementor-widget elementor-widget-fitner-trainer-addons\" data-id=\"2cb7aac\" data-element_type=\"widget\" data-e-type=\"widget\" data-widget_type=\"fitner-trainer-addons.default\">\n\t\t\t\t<div class=\"elementor-widget-container\">\n\t\t\t\t\t<div class=\"fitner-trainer-item fitner-trainer-style-1\"><div class=\"trainer-img-wrap\"><a href=\"#daniel\" ><div class=\"trainer-img\"><img decoding=\"async\" width=\"640\" height=\"960\" src=\"https:\/\/canteixidogimnas.com\/wp-content\/uploads\/2025\/08\/daniel-penin-wmt-683x1024.jpg\" class=\"attachment-large size-large wp-image-5805\" alt=\"\" srcset=\"https:\/\/canteixidogimnas.com\/wp-content\/uploads\/2025\/08\/daniel-penin-wmt-683x1024.jpg 683w, https:\/\/canteixidogimnas.com\/wp-content\/uploads\/2025\/08\/daniel-penin-wmt-200x300.jpg 200w, https:\/\/canteixidogimnas.com\/wp-content\/uploads\/2025\/08\/daniel-penin-wmt-768x1152.jpg 768w, https:\/\/canteixidogimnas.com\/wp-content\/uploads\/2025\/08\/daniel-penin-wmt-1024x1536.jpg 1024w, https:\/\/canteixidogimnas.com\/wp-content\/uploads\/2025\/08\/daniel-penin-wmt-1365x2048.jpg 1365w, https:\/\/canteixidogimnas.com\/wp-content\/uploads\/2025\/08\/daniel-penin-wmt-scaled.jpg 1707w\" sizes=\"(max-width: 640px) 100vw, 640px\" \/><\/div><\/a><div class=\"trainer-social-content\"><p class=\"trainer-description\">Especialista en alt rendiment, readaptaci\u00f3 f\u00edsica i mobilitat funcional.<\/p><\/div><\/div><div class=\"trainer-content\"><h5 class=\"trainer-name\"><a href=\"#daniel\" >Daniel Pe\u00f1\u00edn<\/a><\/h5><span class=\"trainer-degree\">Entrenador Personal i Preparador F\u00edsic<\/span><\/div><\/div>\t\t\t\t<\/div>\n\t\t\t\t<\/div>\n\t\t\t\t\t<\/div>\n\t\t\t\t<\/div>\n\t\t\t\t<\/div>\n\t\t<div class=\"elementor-element elementor-element-b8238b9 e-con-full e-flex e-con e-parent\" data-id=\"b8238b9\" data-element_type=\"container\" data-e-type=\"container\" id=\"paredes\" data-settings=\"{&quot;background_background&quot;:&quot;classic&quot;}\">\n\t\t<div class=\"elementor-element elementor-element-0266266 e-con-full e-flex e-con e-child\" data-id=\"0266266\" data-element_type=\"container\" data-e-type=\"container\">\n\t\t\t\t<div class=\"elementor-element elementor-element-0834782 elementor-invisible elementor-widget elementor-widget-image\" data-id=\"0834782\" data-element_type=\"widget\" data-e-type=\"widget\" data-settings=\"{&quot;_animation&quot;:&quot;fitner--slide-left&quot;}\" data-widget_type=\"image.default\">\n\t\t\t\t<div class=\"elementor-widget-container\">\n\t\t\t\t\t\t\t\t\t\t\t\t\t\t\t<img decoding=\"async\" width=\"378\" height=\"378\" src=\"https:\/\/canteixidogimnas.com\/wp-content\/uploads\/2025\/07\/Paredes-frase-wmt.jpg\" class=\"attachment-full size-full wp-image-5477\" alt=\"\" srcset=\"https:\/\/canteixidogimnas.com\/wp-content\/uploads\/2025\/07\/Paredes-frase-wmt.jpg 378w, https:\/\/canteixidogimnas.com\/wp-content\/uploads\/2025\/07\/Paredes-frase-wmt-300x300.jpg 300w, https:\/\/canteixidogimnas.com\/wp-content\/uploads\/2025\/07\/Paredes-frase-wmt-150x150.jpg 150w\" sizes=\"(max-width: 378px) 100vw, 378px\" \/>\t\t\t\t\t\t\t\t\t\t\t\t\t\t\t<\/div>\n\t\t\t\t<\/div>\n\t\t\t\t<\/div>\n\t\t<div class=\"elementor-element elementor-element-8df472e e-con-full e-flex e-con e-child\" data-id=\"8df472e\" data-element_type=\"container\" data-e-type=\"container\">\n\t\t\t\t<div class=\"elementor-element elementor-element-ff8d9b4 elementor-widget elementor-widget-custom-title-addons\" data-id=\"ff8d9b4\" data-element_type=\"widget\" data-e-type=\"widget\" data-widget_type=\"custom-title-addons.default\">\n\t\t\t\t<div class=\"elementor-widget-container\">\n\t\t\t\t\t<div class=\"tpc-double_heading\"><h3 class=\"dbl__title-wrapper\"><span class=\"dbl__title dbl-title_1\">Marc Paredes <br><\/span><span class=\"dbl__title dbl-title_2\" >Fitness & Body<\/span><\/h3><\/div>\t\t\t\t<\/div>\n\t\t\t\t<\/div>\n\t\t\t\t<div class=\"elementor-element elementor-element-872d133 elementor-invisible elementor-widget elementor-widget-text-editor\" data-id=\"872d133\" data-element_type=\"widget\" data-e-type=\"widget\" data-settings=\"{&quot;_animation&quot;:&quot;fitner--slide-up&quot;}\" data-widget_type=\"text-editor.default\">\n\t\t\t\t<div class=\"elementor-widget-container\">\n\t\t\t\t\t\t\t\t\t<p data-start=\"306\" data-end=\"554\">Marc \u00e9s especialista en entrenament esportiu d&#8217;alt rendiment, p\u00e8rdua de pes, mobilitat i reestructuraci\u00f3 biomec\u00e0nica. El seu enfocament combina una visi\u00f3 funcional del cos amb t\u00e8cniques modernes per aconseguir resultats efica\u00e7os i duradors. <\/p><p data-start=\"556\" data-end=\"803\">Amb m\u00e9s de 15 anys d&#8217;experi\u00e8ncia internacional, ha treballat a Austr\u00e0lia, la Xina i Arm\u00e8nia, tant amb equips de futbol professional com en gimnasos d&#8217;alt nivell. El seu bagatge global li permet adaptar-se a diferents perfils i objectius amb gran versatilitat. <\/p><p data-start=\"805\" data-end=\"1038\">T\u00e9 formaci\u00f3 avan\u00e7ada com a Degree in Strength and Conditioning per l&#8217;Australian Institute of Fitness, i certificacions en TRX, neuroci\u00e8ncia esportiva, MOVNAT, battleropes i molt m\u00e9s. El seu m\u00e8tode uneix ci\u00e8ncia, t\u00e8cnica i motivaci\u00f3. <\/p>\t\t\t\t\t\t\t\t<\/div>\n\t\t\t\t<\/div>\n\t\t\t\t<\/div>\n\t\t\t\t<\/div>\n\t\t<div class=\"elementor-element elementor-element-fdbe907 e-flex e-con-boxed e-con e-parent\" data-id=\"fdbe907\" data-element_type=\"container\" data-e-type=\"container\" data-settings=\"{&quot;background_background&quot;:&quot;classic&quot;}\">\n\t\t\t\t\t<div class=\"e-con-inner\">\n\t\t\t\t<div class=\"elementor-element elementor-element-423bfeb elementor-align-center elementor-icon-list--layout-inline elementor-widget elementor-widget-fitner-icon-text\" data-id=\"423bfeb\" data-element_type=\"widget\" data-e-type=\"widget\" data-widget_type=\"fitner-icon-text.default\">\n\t\t\t\t<div class=\"elementor-widget-container\">\n\t\t\t\t\t<ul class=\"tpc-header-list-info elementor-icon-list-items elementor-inline-items\"><li class=\"elementor-icon-list-item\" ><span class=\"tpc-header-list-icon elementor-icon-list-icon\"><i aria-hidden=\"true\" class=\"fitner flaticon-dumbbell\"><\/i><\/span><span class=\"tpc-header-list-text elementor-icon-list-text\">Alt rendiment sense perdre funcionalitat<\/span><\/li><li class=\"elementor-icon-list-item\" ><span class=\"tpc-header-list-icon elementor-icon-list-icon\"><i aria-hidden=\"true\" class=\"fitner flaticon-worldwide\"><\/i><\/span><span class=\"tpc-header-list-text elementor-icon-list-text\">Experi\u00e8ncia internacional aplicada a tu<\/span><\/li><li class=\"elementor-icon-list-item\" ><span class=\"tpc-header-list-icon elementor-icon-list-icon\"><i aria-hidden=\"true\" class=\"fitner flaticon-reload\"><\/i><\/span><span class=\"tpc-header-list-text elementor-icon-list-text\">Reestructura el teu cos. Canvia la teva vida<\/span><\/li><\/ul>\t\t\t\t<\/div>\n\t\t\t\t<\/div>\n\t\t\t\t\t<\/div>\n\t\t\t\t<\/div>\n\t\t<div class=\"elementor-element elementor-element-fbcc213 e-con-full e-flex e-con e-parent\" data-id=\"fbcc213\" data-element_type=\"container\" data-e-type=\"container\" id=\"daniel\" data-settings=\"{&quot;background_background&quot;:&quot;classic&quot;}\">\n\t\t<div class=\"elementor-element elementor-element-8d69d60 e-con-full e-flex e-con e-child\" data-id=\"8d69d60\" data-element_type=\"container\" data-e-type=\"container\">\n\t\t\t\t<div class=\"elementor-element elementor-element-76faae0 elementor-invisible elementor-widget elementor-widget-image\" data-id=\"76faae0\" data-element_type=\"widget\" data-e-type=\"widget\" data-settings=\"{&quot;_animation&quot;:&quot;fitner--slide-left&quot;}\" data-widget_type=\"image.default\">\n\t\t\t\t<div class=\"elementor-widget-container\">\n\t\t\t\t\t\t\t\t\t\t\t\t\t\t\t<img loading=\"lazy\" decoding=\"async\" width=\"378\" height=\"378\" src=\"https:\/\/canteixidogimnas.com\/wp-content\/uploads\/2025\/08\/daniel-penin-wmt-solo.jpg\" class=\"attachment-full size-full wp-image-5811\" alt=\"\" srcset=\"https:\/\/canteixidogimnas.com\/wp-content\/uploads\/2025\/08\/daniel-penin-wmt-solo.jpg 378w, https:\/\/canteixidogimnas.com\/wp-content\/uploads\/2025\/08\/daniel-penin-wmt-solo-300x300.jpg 300w, https:\/\/canteixidogimnas.com\/wp-content\/uploads\/2025\/08\/daniel-penin-wmt-solo-150x150.jpg 150w\" sizes=\"(max-width: 378px) 100vw, 378px\" \/>\t\t\t\t\t\t\t\t\t\t\t\t\t\t\t<\/div>\n\t\t\t\t<\/div>\n\t\t\t\t<\/div>\n\t\t<div class=\"elementor-element elementor-element-5fcfab4 e-con-full e-flex e-con e-child\" data-id=\"5fcfab4\" data-element_type=\"container\" data-e-type=\"container\">\n\t\t\t\t<div class=\"elementor-element elementor-element-bac1d92 elementor-widget elementor-widget-custom-title-addons\" data-id=\"bac1d92\" data-element_type=\"widget\" data-e-type=\"widget\" data-widget_type=\"custom-title-addons.default\">\n\t\t\t\t<div class=\"elementor-widget-container\">\n\t\t\t\t\t<div class=\"tpc-double_heading\"><h3 class=\"dbl__title-wrapper\"><span class=\"dbl__title dbl-title_1\">Daniel Pe\u00f1\u00edn <br><\/span><span class=\"dbl__title dbl-title_2\" >Rendiment i readaptaci\u00f3<\/span><\/h3><\/div>\t\t\t\t<\/div>\n\t\t\t\t<\/div>\n\t\t\t\t<div class=\"elementor-element elementor-element-f026ec2 elementor-invisible elementor-widget elementor-widget-text-editor\" data-id=\"f026ec2\" data-element_type=\"widget\" data-e-type=\"widget\" data-settings=\"{&quot;_animation&quot;:&quot;fitner--slide-up&quot;}\" data-widget_type=\"text-editor.default\">\n\t\t\t\t<div class=\"elementor-widget-container\">\n\t\t\t\t\t\t\t\t\t<p data-start=\"1249\" data-end=\"1483\">Daniel \u00e9s entrenador personal i preparador f\u00edsic especialitzat en alt rendiment, readaptaci\u00f3 de lesions i mobilitat funcional. Destaca pel seu m\u00e8tode individualitzat i per la seva capacitat de motivar i liderar qualsevol tipus de perfil. <\/p><p data-start=\"1485\" data-end=\"1740\">La seva formaci\u00f3 inclou dos m\u00e0sters en rendiment esportiu i readaptaci\u00f3, a m\u00e9s d\u2019un grau en CAFE. Ha treballat en clubs com el Girona FC, FC Barcelona i CE Europa, i col\u00b7labora habitualment en projectes d&#8217;entrenament funcional i an\u00e0lisi esportiva. <\/p><p data-start=\"1742\" data-end=\"1991\">La seva filosofia de treball es basa en el rigor cient\u00edfic i la pr\u00e0ctica personalitzada. Amb ell, cada entrenament est\u00e0 dissenyat per maximitzar el progr\u00e9s real, ja sigui per millorar el rendiment, prevenir lesions o assolir un benestar durador. <\/p>\t\t\t\t\t\t\t\t<\/div>\n\t\t\t\t<\/div>\n\t\t\t\t<\/div>\n\t\t\t\t<\/div>\n\t\t<div class=\"elementor-element elementor-element-3068381 e-flex e-con-boxed e-con e-parent\" data-id=\"3068381\" data-element_type=\"container\" data-e-type=\"container\" data-settings=\"{&quot;background_background&quot;:&quot;classic&quot;}\">\n\t\t\t\t\t<div class=\"e-con-inner\">\n\t\t\t\t<div class=\"elementor-element elementor-element-57bd685 elementor-align-center elementor-icon-list--layout-inline elementor-widget elementor-widget-fitner-icon-text\" data-id=\"57bd685\" data-element_type=\"widget\" data-e-type=\"widget\" data-widget_type=\"fitner-icon-text.default\">\n\t\t\t\t<div class=\"elementor-widget-container\">\n\t\t\t\t\t<ul class=\"tpc-header-list-info elementor-icon-list-items elementor-inline-items\"><li class=\"elementor-icon-list-item\" ><span class=\"tpc-header-list-icon elementor-icon-list-icon\"><i aria-hidden=\"true\" class=\"fitner flaticon-load\"><\/i><\/span><span class=\"tpc-header-list-text elementor-icon-list-text\">Entrena amb ci\u00e8ncia y sentit<\/span><\/li><li class=\"elementor-icon-list-item\" ><span class=\"tpc-header-list-icon elementor-icon-list-icon\"><i aria-hidden=\"true\" class=\"fitner flaticon-network\"><\/i><\/span><span class=\"tpc-header-list-text elementor-icon-list-text\">Prevenci\u00f3, readaptaci\u00f3 i evoluci\u00f3<\/span><\/li><li class=\"elementor-icon-list-item\" ><span class=\"tpc-header-list-icon elementor-icon-list-icon\"><i aria-hidden=\"true\" class=\"fitner flaticon-cursor\"><\/i><\/span><span class=\"tpc-header-list-text elementor-icon-list-text\">De l\u2019elit al dia a dia, tu ets el centre<\/span><\/li><\/ul>\t\t\t\t<\/div>\n\t\t\t\t<\/div>\n\t\t\t\t\t<\/div>\n\t\t\t\t<\/div>\n\t\t<div class=\"elementor-element elementor-element-fb2fae5 e-flex e-con-boxed e-con e-parent\" data-id=\"fb2fae5\" data-element_type=\"container\" data-e-type=\"container\" data-settings=\"{&quot;background_background&quot;:&quot;classic&quot;}\">\n\t\t\t\t\t<div class=\"e-con-inner\">\n\t\t\t\t<div class=\"elementor-element elementor-element-632efd6 elementor-widget elementor-widget-fitner-contactform-addons\" data-id=\"632efd6\" data-element_type=\"widget\" data-e-type=\"widget\" data-widget_type=\"fitner-contactform-addons.default\">\n\t\t\t\t<div class=\"elementor-widget-container\">\n\t\t\t\t\t<div class=\"fitner-form-wrapper\" ><div class=\"wpcf7-head-container\"> <h5 class=\"wpcf7-subtitle\">Omple el formulari i vine a provar. Primera classe gratu\u00efta!<\/h5><h3 class=\"wpcf7-title\">Contacta amb els nostres entrenadors<\/h3><\/div>\n<div class=\"wpcf7 no-js\" id=\"wpcf7-f5856-o1\" lang=\"ca\" dir=\"ltr\" data-wpcf7-id=\"5856\">\n<div class=\"screen-reader-response\"><p role=\"status\" aria-live=\"polite\" aria-atomic=\"true\"><\/p> <ul><\/ul><\/div>\n<form action=\"\/ca\/wp-json\/wp\/v2\/pages\/5754#wpcf7-f5856-o1\" method=\"post\" class=\"wpcf7-form init\" aria-label=\"Formulari de contacte\" novalidate=\"novalidate\" data-status=\"init\">\n<fieldset class=\"hidden-fields-container\"><input type=\"hidden\" name=\"_wpcf7\" value=\"5856\" \/><input type=\"hidden\" name=\"_wpcf7_version\" value=\"6.1.5\" \/><input type=\"hidden\" name=\"_wpcf7_locale\" value=\"ca\" \/><input type=\"hidden\" name=\"_wpcf7_unit_tag\" value=\"wpcf7-f5856-o1\" \/><input type=\"hidden\" name=\"_wpcf7_container_post\" value=\"0\" \/><input type=\"hidden\" name=\"_wpcf7_posted_data_hash\" value=\"\" \/>\n<\/fieldset>\n<div>\n\t<p><span class=\"wpcf7-form-control-wrap\" data-name=\"your-name\"><input size=\"40\" maxlength=\"400\" class=\"wpcf7-form-control wpcf7-text wpcf7-validates-as-required\" autocomplete=\"name\" aria-required=\"true\" aria-invalid=\"false\" placeholder=\"Nom *\" value=\"\" type=\"text\" name=\"your-name\" \/><\/span>\n\t<\/p>\n<\/div>\n<div>\n\t<p><span class=\"wpcf7-form-control-wrap\" data-name=\"your-email\"><input size=\"40\" maxlength=\"400\" class=\"wpcf7-form-control wpcf7-email wpcf7-validates-as-required wpcf7-text wpcf7-validates-as-email\" autocomplete=\"email\" aria-required=\"true\" aria-invalid=\"false\" placeholder=\"E-mail *\" value=\"\" type=\"email\" name=\"your-email\" \/><\/span>\n\t<\/p>\n<\/div>\n<div>\n\t<p><span class=\"wpcf7-form-control-wrap\" data-name=\"select-660\"><select class=\"wpcf7-form-control wpcf7-select wpcf7-validates-as-required\" aria-required=\"true\" aria-invalid=\"false\" name=\"select-660\"><option value=\"Escull a un entrenador *\">Escull a un entrenador *<\/option><option value=\"Qualsevol\">Qualsevol<\/option><option value=\"Marc Paredes\">Marc Paredes<\/option><option value=\"Daniel Pe\u00f1\u00edn\">Daniel Pe\u00f1\u00edn<\/option><\/select><\/span>\n\t<\/p>\n<\/div>\n<div>\n\t<p><span class=\"wpcf7-form-control-wrap\" data-name=\"your-message\"><textarea cols=\"40\" rows=\"10\" maxlength=\"2000\" class=\"wpcf7-form-control wpcf7-textarea\" aria-invalid=\"false\" placeholder=\"Escriure el missatge\" name=\"your-message\"><\/textarea><\/span>\n\t<\/p>\n<\/div>\n<div class=\"politica-privacidad\">\n\t<p><label><span class=\"wpcf7-form-control-wrap\" data-name=\"acceptance-685\"><span class=\"wpcf7-form-control wpcf7-acceptance\"><span class=\"wpcf7-list-item\"><input type=\"checkbox\" name=\"acceptance-685\" value=\"1\" aria-invalid=\"false\" \/><\/span><\/span><\/span> He llegit i accepto la <a href=\"https:\/\/marficom.com\/aviso-legal\/\" target=\"blank\">pol\u00edtica de privadesa<\/a>.<\/label>\n\t<\/p>\n<\/div>\n<div>\n\t<p><input class=\"wpcf7-form-control wpcf7-submit has-spinner\" type=\"submit\" value=\"ENVIAR\" \/>\n\t<\/p>\n<\/div><div class=\"wpcf7-response-output\" aria-hidden=\"true\"><\/div>\n<\/form>\n<\/div>\n<\/div>\t\t\t\t<\/div>\n\t\t\t\t<\/div>\n\t\t\t\t\t<\/div>\n\t\t\t\t<\/div>\n\t\t\t\t<\/div>\n\t\t","protected":false},"excerpt":{"rendered":"<p>Entrenadors Personals Al gimn\u00e0s del Can Teixid\u00f3 Padel Club, posem a la teva disposici\u00f3 entrenadors personals perqu\u00e8 t\u2019ajudin a practicar el M\u00e8tode WMT. Vine a provar el m\u00e8tode, la primera classe \u00e9s gratu\u00efta! Entrenament esportiu d&#8217;alt rendiment, p\u00e8rdua de pes, mobilitat i reestructuraci\u00f3 biomec\u00e0nica. Marc Paredes Entrenador personal i Fitness &#038; Body Especialista en alt&#8230;<\/p>\n","protected":false},"author":1,"featured_media":0,"parent":0,"menu_order":0,"comment_status":"closed","ping_status":"closed","template":"","meta":{"footnotes":""},"class_list":["post-5754","page","type-page","status-publish","hentry"],"yoast_head":"<!-- This site is optimized with the Yoast SEO plugin v27.0 - https:\/\/yoast.com\/product\/yoast-seo-wordpress\/ -->\n<title>Entrenadors - WMT Gym<\/title>\n<meta name=\"description\" content=\"Al gimn\u00e0s del Can Teixid\u00f3 P\u00e0del Club, treballem amb el m\u00e8tode Wild Movement Training (WMT): un sistema d&#039;entrenament funcional adaptat a totes les persones, que millora la mobilitat, la for\u00e7a real i el benestar general.\" \/>\n<meta name=\"robots\" content=\"index, follow, max-snippet:-1, max-image-preview:large, max-video-preview:-1\" \/>\n<link rel=\"canonical\" href=\"https:\/\/canteixidogimnas.com\/ca\/activitats-2\/\" \/>\n<meta property=\"og:locale\" content=\"ca_ES\" \/>\n<meta property=\"og:type\" content=\"article\" \/>\n<meta property=\"og:title\" content=\"Entrenadors - WMT Gym\" \/>\n<meta property=\"og:description\" content=\"Al gimn\u00e0s del Can Teixid\u00f3 P\u00e0del Club, treballem amb el m\u00e8tode Wild Movement Training (WMT): un sistema d&#039;entrenament funcional adaptat a totes les persones, que millora la mobilitat, la for\u00e7a real i el benestar general.\" \/>\n<meta property=\"og:url\" content=\"https:\/\/canteixidogimnas.com\/ca\/activitats-2\/\" \/>\n<meta property=\"og:site_name\" content=\"WMT Gym\" \/>\n<meta property=\"article:modified_time\" content=\"2025-08-08T14:30:45+00:00\" \/>\n<meta property=\"og:image\" content=\"https:\/\/canteixidogimnas.com\/wp-content\/uploads\/2025\/08\/marc-paredes-wmt-scaled.jpg\" \/>\n\t<meta property=\"og:image:width\" content=\"1707\" \/>\n\t<meta property=\"og:image:height\" content=\"2560\" \/>\n\t<meta property=\"og:image:type\" content=\"image\/jpeg\" \/>\n<meta name=\"twitter:card\" content=\"summary_large_image\" \/>\n<meta name=\"twitter:label1\" content=\"Temps estimat de lectura\" \/>\n\t<meta name=\"twitter:data1\" content=\"3 minuts\" \/>\n<script type=\"application\/ld+json\" class=\"yoast-schema-graph\">{\"@context\":\"https:\/\/schema.org\",\"@graph\":[{\"@type\":\"WebPage\",\"@id\":\"https:\/\/canteixidogimnas.com\/ca\/activitats-2\/\",\"url\":\"https:\/\/canteixidogimnas.com\/ca\/activitats-2\/\",\"name\":\"Entrenadors - WMT Gym\",\"isPartOf\":{\"@id\":\"https:\/\/canteixidogimnas.com\/ca\/#website\"},\"primaryImageOfPage\":{\"@id\":\"https:\/\/canteixidogimnas.com\/ca\/activitats-2\/#primaryimage\"},\"image\":{\"@id\":\"https:\/\/canteixidogimnas.com\/ca\/activitats-2\/#primaryimage\"},\"thumbnailUrl\":\"https:\/\/canteixidogimnas.com\/wp-content\/uploads\/2025\/08\/marc-paredes-wmt-683x1024.jpg\",\"datePublished\":\"2025-08-08T12:56:36+00:00\",\"dateModified\":\"2025-08-08T14:30:45+00:00\",\"description\":\"Al gimn\u00e0s del Can Teixid\u00f3 P\u00e0del Club, treballem amb el m\u00e8tode Wild Movement Training (WMT): un sistema d'entrenament funcional adaptat a totes les persones, que millora la mobilitat, la for\u00e7a real i el benestar general.\",\"breadcrumb\":{\"@id\":\"https:\/\/canteixidogimnas.com\/ca\/activitats-2\/#breadcrumb\"},\"inLanguage\":\"ca\",\"potentialAction\":[{\"@type\":\"ReadAction\",\"target\":[\"https:\/\/canteixidogimnas.com\/ca\/activitats-2\/\"]}]},{\"@type\":\"ImageObject\",\"inLanguage\":\"ca\",\"@id\":\"https:\/\/canteixidogimnas.com\/ca\/activitats-2\/#primaryimage\",\"url\":\"https:\/\/canteixidogimnas.com\/wp-content\/uploads\/2025\/08\/marc-paredes-wmt-683x1024.jpg\",\"contentUrl\":\"https:\/\/canteixidogimnas.com\/wp-content\/uploads\/2025\/08\/marc-paredes-wmt-683x1024.jpg\"},{\"@type\":\"BreadcrumbList\",\"@id\":\"https:\/\/canteixidogimnas.com\/ca\/activitats-2\/#breadcrumb\",\"itemListElement\":[{\"@type\":\"ListItem\",\"position\":1,\"name\":\"Portada\",\"item\":\"https:\/\/canteixidogimnas.com\/ca\/\"},{\"@type\":\"ListItem\",\"position\":2,\"name\":\"Entrenadors\"}]},{\"@type\":\"WebSite\",\"@id\":\"https:\/\/canteixidogimnas.com\/ca\/#website\",\"url\":\"https:\/\/canteixidogimnas.com\/ca\/\",\"name\":\"WMT Gym\",\"description\":\"El gimnasio de WMT\",\"publisher\":{\"@id\":\"https:\/\/canteixidogimnas.com\/ca\/#organization\"},\"alternateName\":\"Gimn\u00e0s Can Teixid\u00f3\",\"potentialAction\":[{\"@type\":\"SearchAction\",\"target\":{\"@type\":\"EntryPoint\",\"urlTemplate\":\"https:\/\/canteixidogimnas.com\/ca\/?s={search_term_string}\"},\"query-input\":{\"@type\":\"PropertyValueSpecification\",\"valueRequired\":true,\"valueName\":\"search_term_string\"}}],\"inLanguage\":\"ca\"},{\"@type\":\"Organization\",\"@id\":\"https:\/\/canteixidogimnas.com\/ca\/#organization\",\"name\":\"WMT Gym\",\"url\":\"https:\/\/canteixidogimnas.com\/ca\/\",\"logo\":{\"@type\":\"ImageObject\",\"inLanguage\":\"ca\",\"@id\":\"https:\/\/canteixidogimnas.com\/ca\/#\/schema\/logo\/image\/\",\"url\":\"https:\/\/canteixidogimnas.com\/wp-content\/uploads\/2025\/06\/cropped-logo-wmt-gym.png\",\"contentUrl\":\"https:\/\/canteixidogimnas.com\/wp-content\/uploads\/2025\/06\/cropped-logo-wmt-gym.png\",\"width\":300,\"height\":80,\"caption\":\"WMT Gym\"},\"image\":{\"@id\":\"https:\/\/canteixidogimnas.com\/ca\/#\/schema\/logo\/image\/\"},\"sameAs\":[\"https:\/\/www.linkedin.com\/company\/wild-movement-training\"]}]}<\/script>\n<!-- \/ Yoast SEO plugin. -->","yoast_head_json":{"title":"Entrenadors - WMT Gym","description":"Al gimn\u00e0s del Can Teixid\u00f3 P\u00e0del Club, treballem amb el m\u00e8tode Wild Movement Training (WMT): un sistema d'entrenament funcional adaptat a totes les persones, que millora la mobilitat, la for\u00e7a real i el benestar general.","robots":{"index":"index","follow":"follow","max-snippet":"max-snippet:-1","max-image-preview":"max-image-preview:large","max-video-preview":"max-video-preview:-1"},"canonical":"https:\/\/canteixidogimnas.com\/ca\/activitats-2\/","og_locale":"ca_ES","og_type":"article","og_title":"Entrenadors - WMT Gym","og_description":"Al gimn\u00e0s del Can Teixid\u00f3 P\u00e0del Club, treballem amb el m\u00e8tode Wild Movement Training (WMT): un sistema d'entrenament funcional adaptat a totes les persones, que millora la mobilitat, la for\u00e7a real i el benestar general.","og_url":"https:\/\/canteixidogimnas.com\/ca\/activitats-2\/","og_site_name":"WMT Gym","article_modified_time":"2025-08-08T14:30:45+00:00","og_image":[{"width":1707,"height":2560,"url":"https:\/\/canteixidogimnas.com\/wp-content\/uploads\/2025\/08\/marc-paredes-wmt-scaled.jpg","type":"image\/jpeg"}],"twitter_card":"summary_large_image","twitter_misc":{"Temps estimat de lectura":"3 minuts"},"schema":{"@context":"https:\/\/schema.org","@graph":[{"@type":"WebPage","@id":"https:\/\/canteixidogimnas.com\/ca\/activitats-2\/","url":"https:\/\/canteixidogimnas.com\/ca\/activitats-2\/","name":"Entrenadors - WMT Gym","isPartOf":{"@id":"https:\/\/canteixidogimnas.com\/ca\/#website"},"primaryImageOfPage":{"@id":"https:\/\/canteixidogimnas.com\/ca\/activitats-2\/#primaryimage"},"image":{"@id":"https:\/\/canteixidogimnas.com\/ca\/activitats-2\/#primaryimage"},"thumbnailUrl":"https:\/\/canteixidogimnas.com\/wp-content\/uploads\/2025\/08\/marc-paredes-wmt-683x1024.jpg","datePublished":"2025-08-08T12:56:36+00:00","dateModified":"2025-08-08T14:30:45+00:00","description":"Al gimn\u00e0s del Can Teixid\u00f3 P\u00e0del Club, treballem amb el m\u00e8tode Wild Movement Training (WMT): un sistema d'entrenament funcional adaptat a totes les persones, que millora la mobilitat, la for\u00e7a real i el benestar general.","breadcrumb":{"@id":"https:\/\/canteixidogimnas.com\/ca\/activitats-2\/#breadcrumb"},"inLanguage":"ca","potentialAction":[{"@type":"ReadAction","target":["https:\/\/canteixidogimnas.com\/ca\/activitats-2\/"]}]},{"@type":"ImageObject","inLanguage":"ca","@id":"https:\/\/canteixidogimnas.com\/ca\/activitats-2\/#primaryimage","url":"https:\/\/canteixidogimnas.com\/wp-content\/uploads\/2025\/08\/marc-paredes-wmt-683x1024.jpg","contentUrl":"https:\/\/canteixidogimnas.com\/wp-content\/uploads\/2025\/08\/marc-paredes-wmt-683x1024.jpg"},{"@type":"BreadcrumbList","@id":"https:\/\/canteixidogimnas.com\/ca\/activitats-2\/#breadcrumb","itemListElement":[{"@type":"ListItem","position":1,"name":"Portada","item":"https:\/\/canteixidogimnas.com\/ca\/"},{"@type":"ListItem","position":2,"name":"Entrenadors"}]},{"@type":"WebSite","@id":"https:\/\/canteixidogimnas.com\/ca\/#website","url":"https:\/\/canteixidogimnas.com\/ca\/","name":"WMT Gym","description":"El gimnasio de WMT","publisher":{"@id":"https:\/\/canteixidogimnas.com\/ca\/#organization"},"alternateName":"Gimn\u00e0s Can Teixid\u00f3","potentialAction":[{"@type":"SearchAction","target":{"@type":"EntryPoint","urlTemplate":"https:\/\/canteixidogimnas.com\/ca\/?s={search_term_string}"},"query-input":{"@type":"PropertyValueSpecification","valueRequired":true,"valueName":"search_term_string"}}],"inLanguage":"ca"},{"@type":"Organization","@id":"https:\/\/canteixidogimnas.com\/ca\/#organization","name":"WMT Gym","url":"https:\/\/canteixidogimnas.com\/ca\/","logo":{"@type":"ImageObject","inLanguage":"ca","@id":"https:\/\/canteixidogimnas.com\/ca\/#\/schema\/logo\/image\/","url":"https:\/\/canteixidogimnas.com\/wp-content\/uploads\/2025\/06\/cropped-logo-wmt-gym.png","contentUrl":"https:\/\/canteixidogimnas.com\/wp-content\/uploads\/2025\/06\/cropped-logo-wmt-gym.png","width":300,"height":80,"caption":"WMT Gym"},"image":{"@id":"https:\/\/canteixidogimnas.com\/ca\/#\/schema\/logo\/image\/"},"sameAs":["https:\/\/www.linkedin.com\/company\/wild-movement-training"]}]}},"_links":{"self":[{"href":"https:\/\/canteixidogimnas.com\/ca\/wp-json\/wp\/v2\/pages\/5754","targetHints":{"allow":["GET"]}}],"collection":[{"href":"https:\/\/canteixidogimnas.com\/ca\/wp-json\/wp\/v2\/pages"}],"about":[{"href":"https:\/\/canteixidogimnas.com\/ca\/wp-json\/wp\/v2\/types\/page"}],"author":[{"embeddable":true,"href":"https:\/\/canteixidogimnas.com\/ca\/wp-json\/wp\/v2\/users\/1"}],"replies":[{"embeddable":true,"href":"https:\/\/canteixidogimnas.com\/ca\/wp-json\/wp\/v2\/comments?post=5754"}],"version-history":[{"count":13,"href":"https:\/\/canteixidogimnas.com\/ca\/wp-json\/wp\/v2\/pages\/5754\/revisions"}],"predecessor-version":[{"id":5860,"href":"https:\/\/canteixidogimnas.com\/ca\/wp-json\/wp\/v2\/pages\/5754\/revisions\/5860"}],"wp:attachment":[{"href":"https:\/\/canteixidogimnas.com\/ca\/wp-json\/wp\/v2\/media?parent=5754"}],"curies":[{"name":"wp","href":"https:\/\/api.w.org\/{rel}","templated":true}]}}